{"id":78,"date":"2014-10-08T14:29:21","date_gmt":"2014-10-08T14:29:21","guid":{"rendered":"http:\/\/wecportugal.talentos-objetivos.pt\/?page_id=78"},"modified":"2022-12-13T13:18:52","modified_gmt":"2022-12-13T13:18:52","slug":"comunicados","status":"publish","type":"page","link":"https:\/\/talentos-objetivos.pt\/wecportugal\/pt\/imprensa\/comunicados\/","title":{"rendered":"Comunicados"},"content":{"rendered":"<hr>\n<p><b>&lt;2017&gt;&nbsp;GP de Portugal Gouveia 2017 &#8211; Europeu de Enduro<\/b><\/p>\n<p>NI 4 &#8211; <a href=\"https:\/\/talentos-objetivos.pt\/wecportugal\/wp-content\/uploads\/sites\/6\/2022\/12\/NI-n-4-Gouveia-12-de-abril-de-2017.pdf\" target=\"_blank\" rel=\"noopener\">Europeu de Enduro Gouveia: Gouveia recebe 150 pilotos<\/a><br \/>\nNI 3 &#8211; <a href=\"https:\/\/talentos-objetivos.pt\/wecportugal\/wp-content\/uploads\/sites\/6\/2022\/12\/UEM_2017_Gouveia_onde-ver_publico_PT.pdf\" target=\"_blank\" rel=\"noopener\">Europeu de Enduro Gouveia: Onde Ver &#8211; Locais privilegiados<\/a><br \/>\nNI 2 &#8211; <a href=\"https:\/\/talentos-objetivos.pt\/wecportugal\/wp-content\/uploads\/sites\/6\/2022\/12\/NI-n-2-Gouveia-8-de-abril-de-2017.pdf\" target=\"_blank\" rel=\"noopener\">Europeu de Enduro Gouveia: Apresenta\u00e7\u00e3o na FIL-Motoshow 2017 <\/a><br \/>\nNI 1 &#8211;<\/p>\n<hr>\n<p><strong>&lt;2016&gt;&nbsp;GP de Portugal Gouveia 2016<\/strong><\/p>\n<p>NI 8 &#8211; <a href=\"https:\/\/talentos-objetivos.pt\/wecportugal\/wp-content\/uploads\/sites\/6\/2022\/12\/NI8Gouveia2016_Steve_Holcombe_venceu_segundo_dia_em_Gouveia.pdf\" target=\"_blank\" rel=\"noopener\">Steve Holcombe venceu segundo dia em Gouveia<\/a><br \/>\nNI 7 &#8211; <a href=\"https:\/\/talentos-objetivos.pt\/wecportugal\/wp-content\/uploads\/sites\/6\/2022\/12\/NI7Gouveia2016_Mathew_Phillips_venceu_dia_de_lama_e_chuva_em_Gouveia.pdf\" target=\"_blank\" rel=\"noopener\">Mathew Phillips venceu dia de lama e chuva em Gouveia<\/a><br \/>\nNI 6 &#8211; <a href=\"https:\/\/talentos-objetivos.pt\/wecportugal\/wp-content\/uploads\/sites\/6\/2022\/12\/NI6Gouveia2016_Enduro_de_Gouveia_comecou_em_festa.pdf\" target=\"_blank\" rel=\"noopener\">Enduro de Gouveia come\u00e7ou em festa<\/a><br \/>\nNI 5 &#8211; <a href=\"https:\/\/talentos-objetivos.pt\/wecportugal\/wp-content\/uploads\/sites\/6\/2022\/12\/NI5Gouveia2016_Enduro_de_Gouveia_comeca_hoje_com_a_Super_especial.pdf\" target=\"_blank\" rel=\"noopener\">Enduro de Gouveia come\u00e7a hoje com Super-Especial<\/a><br \/>\nNI 4 &#8211; <a href=\"https:\/\/talentos-objetivos.pt\/wecportugal\/wp-content\/uploads\/sites\/6\/2022\/12\/NI4Gouveia2016_GOUVEIA_PREPARADA_PARA_RECEBER_MUNDIAL_DE_ENDURO.pdf\" target=\"_blank\" rel=\"noopener\">Gouveia preparada para receber Mundial de Enduro<\/a><br \/>\nNI 3 &#8211; <a href=\"https:\/\/talentos-objetivos.pt\/wecportugal\/2016\/03\/04\/mundial-de-enduro-apresentado-em-lisboa\/\">Mundial de Enduro apresentado em Lisboa<\/a><br \/>\nNI 2 &#8211; <a href=\"https:\/\/talentos-objetivos.pt\/wecportugal\/wp-content\/uploads\/sites\/6\/2022\/12\/EWC2016_GP_Portugal_comunicado_NI_2_03_marco.pdf\" target=\"_blank\" rel=\"noopener\">Mundial de Enduro esta de volta aGouveia<\/a><br \/>\nNI 1 &#8211; <a href=\"https:\/\/talentos-objetivos.pt\/wecportugal\/wp-content\/uploads\/sites\/6\/2022\/12\/EWC2016_GP_Portugal_comunicado_NI_1_03_marco.pdf\" target=\"_blank\" rel=\"noopener\">Retorno econ\u00f3mico significativo em 2015<\/a><\/p>\n<hr>\n<p><strong>&lt;2015&gt;-&nbsp;GP de Portugal Gouveia 2015<\/strong><\/p>\n<p>PR 11 &#8211; 17\/05\/2015 <a href=\"https:\/\/talentos-objetivos.pt\/wecportugal\/wp-content\/uploads\/sites\/6\/2022\/12\/WECGouveia2015_Mundial_Enduro2015_Dia2.pdf\" target=\"_blank\" title=\"Apenas dois pilotos repetem vit\u00f3ria no GP de Portugal Gouveia 2015\" rel=\"noopener\">Apenas dois pilotos repetem vit\u00f3ria no GP de Portugal Gouveia 2015<\/a><br \/>\nPR 10 &#8211; 16\/05\/2015 <a href=\"https:\/\/talentos-objetivos.pt\/wecportugal\/wp-content\/uploads\/sites\/6\/2022\/12\/WECGouveia2015_Mundial_Enduro2015_Dia1.pdf\" target=\"_blank\" title=\"Primeiro dia em grande no GP de Portugal Gouveia 2015\" rel=\"noopener\">Primeiro dia em grande no GP de Portugal Gouveia 2015<\/a><br \/>\nPR 9 &#8211; 15\/05\/2015 <a href=\"https:\/\/talentos-objetivos.pt\/wecportugal\/wp-content\/uploads\/sites\/6\/2022\/12\/WEGouveia2015_Mundial_Enduro2015_SEspecial.pdf\" target=\"_blank\" title=\"Mathias Bellino vence Super Especial em Gouveia\" rel=\"noopener\">Mathias Bellino vence Super Especial em Gouveia<\/a><br \/>\nPR 8 &#8211; 15\/05\/2015 <a href=\"https:\/\/talentos-objetivos.pt\/wecportugal\/wp-content\/uploads\/sites\/6\/2022\/12\/WECGouveia2015_Mundial_Enduro2015_1505.pdf\" target=\"_blank\" rel=\"noopener\">Pilotos descobrem segredos de Gouveia<\/a><br \/>\nPR 7 &#8211; 14\/05\/2015 <a href=\"https:\/\/talentos-objetivos.pt\/wecportugal\/wp-content\/uploads\/sites\/6\/2022\/12\/WECGouveia2015_Mundial_Enduro2015_1405.pdf\" target=\"_blank\" title=\"Paddock e pilotos preparados para o GP de Portugal Gouveia 2015\" rel=\"noopener\">Paddock e pilotos preparados para o GP de Portugal Gouveia 2015<\/a><br \/>\nPR 6 &#8211; 08\/05\/2015 <a href=\"https:\/\/talentos-objetivos.pt\/wecportugal\/wp-content\/uploads\/sites\/6\/2022\/12\/WECGouveia2015_Apresentacao_GP-de-Portugal_Gouveia_Lisboa.pdf\" target=\"_blank\" rel=\"noopener\">Apresenta\u00e7\u00e3o_GP de Portugal &#8211; Gouveia em Lisboa<\/a><br \/>\nPR 5 &#8211; 24\/04\/2015 <a href=\"https:\/\/talentos-objetivos.pt\/wecportugal\/wp-content\/uploads\/sites\/6\/2022\/12\/WECGouveia2015_incricoes_em_bom_ritmo.pdf\" target=\"_blank\" title=\"Inscri\u00e7\u00f5es em bom ritmo para o GP de Portugal Gouveia 2015\" rel=\"noopener\">Inscri\u00e7\u00f5es em bom ritmo para o GP de&nbsp;Portugal Gouveia 2015<\/a><br \/>\nPR 4 &#8211; 13\/04\/2015 <a href=\"https:\/\/talentos-objetivos.pt\/wecportugal\/wp-content\/uploads\/sites\/6\/2022\/12\/WECGouveia2015_13042015_GP-de-Portugal-de-Enduro-tem-classe-aberta-a-todos-os-pilotos.pdf\" target=\"_blank\" rel=\"noopener\">GP de Portugal de Enduro tem classe aberta a todos os pilotos<\/a><br \/>\nPR 3 &#8211; 25\/02\/2015 <a href=\"https:\/\/talentos-objetivos.pt\/wecportugal\/wp-content\/uploads\/sites\/6\/2022\/12\/Comunicado-de-Imprensa_Paulo-Goncalves-H\u0412lder-Rodrigues-e-M\u0430rio-Patrao-apadrinham-GP-de-Portugal-de-Enduro-25-de-Fevereiro-de-2015.pdf\" target=\"_blank\" rel=\"noopener\">Paulo Gon\u00e7alves, H\u00e9lder Rodrigues e M\u00e1rio Patr\u00e3o apadrinham GP de Portugal de Enduro<\/a><br \/>\nPR 2 &#8211; 25\/02\/2015 <a href=\"https:\/\/talentos-objetivos.pt\/wecportugal\/wp-content\/uploads\/sites\/6\/2022\/12\/Comunicado-de-Imprensa_Mundial-de-Enduro-25-de-Fevereiro-de-2015.pdf\" target=\"_blank\" rel=\"noopener\">Apresenta\u00e7\u00e3o Oficial do GP de Portugal de Enduro<\/a><br \/>\nPR 1 &#8211; 18\/09\/2014 <a href=\"https:\/\/talentos-objetivos.pt\/wecportugal\/wp-content\/uploads\/sites\/6\/2022\/12\/Comunicado-de-Imprensa_Mundial-de-Enduro-18-de-Setembro-de-2014.pdf\" target=\"_blank\" rel=\"noopener\">Gouveia receber\u00e1 o Campeonato do&nbsp;Mundo de Enduro em 2015<\/a><\/p>\n","protected":false},"excerpt":{"rendered":"<p>Brevemente&#8230;<\/p>\n","protected":false},"author":2,"featured_media":0,"parent":72,"menu_order":0,"comment_status":"closed","ping_status":"closed","template":"","meta":{"footnotes":""},"class_list":["post-78","page","type-page","status-publish","hentry"],"yoast_head":"<!-- This site is optimized with the Yoast SEO plugin v27.5 - https:\/\/yoast.com\/product\/yoast-seo-wordpress\/ -->\n<title>Comunicados - GP de Portugal<\/title>\n<meta name=\"robots\" content=\"index, follow, max-snippet:-1, max-image-preview:large, max-video-preview:-1\" \/>\n<link rel=\"canonical\" href=\"https:\/\/talentos-objetivos.pt\/wecportugal\/pt\/imprensa\/comunicados\/\" \/>\n<meta property=\"og:locale\" content=\"pt_PT\" \/>\n<meta property=\"og:type\" content=\"article\" \/>\n<meta property=\"og:title\" content=\"Comunicados - GP de Portugal\" \/>\n<meta property=\"og:description\" content=\"Brevemente...\" \/>\n<meta property=\"og:url\" content=\"https:\/\/talentos-objetivos.pt\/wecportugal\/pt\/imprensa\/comunicados\/\" \/>\n<meta property=\"og:site_name\" content=\"GP de Portugal\" \/>\n<meta property=\"article:modified_time\" content=\"2022-12-13T13:18:52+00:00\" \/>\n<meta name=\"twitter:card\" content=\"summary_large_image\" \/>\n<meta name=\"twitter:label1\" content=\"Tempo estimado de leitura\" \/>\n\t<meta name=\"twitter:data1\" content=\"1 minuto\" \/>\n<script type=\"application\/ld+json\" class=\"yoast-schema-graph\">{\"@context\":\"https:\\\/\\\/schema.org\",\"@graph\":[{\"@type\":\"WebPage\",\"@id\":\"https:\\\/\\\/talentos-objetivos.pt\\\/wecportugal\\\/pt\\\/imprensa\\\/comunicados\\\/\",\"url\":\"https:\\\/\\\/talentos-objetivos.pt\\\/wecportugal\\\/pt\\\/imprensa\\\/comunicados\\\/\",\"name\":\"Comunicados - GP de Portugal\",\"isPartOf\":{\"@id\":\"https:\\\/\\\/talentos-objetivos.pt\\\/wecportugal\\\/#website\"},\"datePublished\":\"2014-10-08T14:29:21+00:00\",\"dateModified\":\"2022-12-13T13:18:52+00:00\",\"breadcrumb\":{\"@id\":\"https:\\\/\\\/talentos-objetivos.pt\\\/wecportugal\\\/pt\\\/imprensa\\\/comunicados\\\/#breadcrumb\"},\"inLanguage\":\"pt-PT\",\"potentialAction\":[{\"@type\":\"ReadAction\",\"target\":[\"https:\\\/\\\/talentos-objetivos.pt\\\/wecportugal\\\/pt\\\/imprensa\\\/comunicados\\\/\"]}]},{\"@type\":\"BreadcrumbList\",\"@id\":\"https:\\\/\\\/talentos-objetivos.pt\\\/wecportugal\\\/pt\\\/imprensa\\\/comunicados\\\/#breadcrumb\",\"itemListElement\":[{\"@type\":\"ListItem\",\"position\":1,\"name\":\"In\u00edcio\",\"item\":\"https:\\\/\\\/talentos-objetivos.pt\\\/wecportugal\\\/\"},{\"@type\":\"ListItem\",\"position\":2,\"name\":\"PT\",\"item\":\"https:\\\/\\\/talentos-objetivos.pt\\\/wecportugal\\\/pt\\\/\"},{\"@type\":\"ListItem\",\"position\":3,\"name\":\"Imprensa\",\"item\":\"https:\\\/\\\/talentos-objetivos.pt\\\/wecportugal\\\/pt\\\/imprensa\\\/\"},{\"@type\":\"ListItem\",\"position\":4,\"name\":\"Comunicados\"}]},{\"@type\":\"WebSite\",\"@id\":\"https:\\\/\\\/talentos-objetivos.pt\\\/wecportugal\\\/#website\",\"url\":\"https:\\\/\\\/talentos-objetivos.pt\\\/wecportugal\\\/\",\"name\":\"GP de Portugal\",\"description\":\"European Enduro Championship  - Gouveia\",\"potentialAction\":[{\"@type\":\"SearchAction\",\"target\":{\"@type\":\"EntryPoint\",\"urlTemplate\":\"https:\\\/\\\/talentos-objetivos.pt\\\/wecportugal\\\/?s={search_term_string}\"},\"query-input\":{\"@type\":\"PropertyValueSpecification\",\"valueRequired\":true,\"valueName\":\"search_term_string\"}}],\"inLanguage\":\"pt-PT\"}]}<\/script>\n<!-- \/ Yoast SEO plugin. -->","yoast_head_json":{"title":"Comunicados - GP de Portugal","robots":{"index":"index","follow":"follow","max-snippet":"max-snippet:-1","max-image-preview":"max-image-preview:large","max-video-preview":"max-video-preview:-1"},"canonical":"https:\/\/talentos-objetivos.pt\/wecportugal\/pt\/imprensa\/comunicados\/","og_locale":"pt_PT","og_type":"article","og_title":"Comunicados - GP de Portugal","og_description":"Brevemente...","og_url":"https:\/\/talentos-objetivos.pt\/wecportugal\/pt\/imprensa\/comunicados\/","og_site_name":"GP de Portugal","article_modified_time":"2022-12-13T13:18:52+00:00","twitter_card":"summary_large_image","twitter_misc":{"Tempo estimado de leitura":"1 minuto"},"schema":{"@context":"https:\/\/schema.org","@graph":[{"@type":"WebPage","@id":"https:\/\/talentos-objetivos.pt\/wecportugal\/pt\/imprensa\/comunicados\/","url":"https:\/\/talentos-objetivos.pt\/wecportugal\/pt\/imprensa\/comunicados\/","name":"Comunicados - GP de Portugal","isPartOf":{"@id":"https:\/\/talentos-objetivos.pt\/wecportugal\/#website"},"datePublished":"2014-10-08T14:29:21+00:00","dateModified":"2022-12-13T13:18:52+00:00","breadcrumb":{"@id":"https:\/\/talentos-objetivos.pt\/wecportugal\/pt\/imprensa\/comunicados\/#breadcrumb"},"inLanguage":"pt-PT","potentialAction":[{"@type":"ReadAction","target":["https:\/\/talentos-objetivos.pt\/wecportugal\/pt\/imprensa\/comunicados\/"]}]},{"@type":"BreadcrumbList","@id":"https:\/\/talentos-objetivos.pt\/wecportugal\/pt\/imprensa\/comunicados\/#breadcrumb","itemListElement":[{"@type":"ListItem","position":1,"name":"In\u00edcio","item":"https:\/\/talentos-objetivos.pt\/wecportugal\/"},{"@type":"ListItem","position":2,"name":"PT","item":"https:\/\/talentos-objetivos.pt\/wecportugal\/pt\/"},{"@type":"ListItem","position":3,"name":"Imprensa","item":"https:\/\/talentos-objetivos.pt\/wecportugal\/pt\/imprensa\/"},{"@type":"ListItem","position":4,"name":"Comunicados"}]},{"@type":"WebSite","@id":"https:\/\/talentos-objetivos.pt\/wecportugal\/#website","url":"https:\/\/talentos-objetivos.pt\/wecportugal\/","name":"GP de Portugal","description":"European Enduro Championship  - Gouveia","potentialAction":[{"@type":"SearchAction","target":{"@type":"EntryPoint","urlTemplate":"https:\/\/talentos-objetivos.pt\/wecportugal\/?s={search_term_string}"},"query-input":{"@type":"PropertyValueSpecification","valueRequired":true,"valueName":"search_term_string"}}],"inLanguage":"pt-PT"}]}},"_links":{"self":[{"href":"https:\/\/talentos-objetivos.pt\/wecportugal\/wp-json\/wp\/v2\/pages\/78","targetHints":{"allow":["GET"]}}],"collection":[{"href":"https:\/\/talentos-objetivos.pt\/wecportugal\/wp-json\/wp\/v2\/pages"}],"about":[{"href":"https:\/\/talentos-objetivos.pt\/wecportugal\/wp-json\/wp\/v2\/types\/page"}],"author":[{"embeddable":true,"href":"https:\/\/talentos-objetivos.pt\/wecportugal\/wp-json\/wp\/v2\/users\/2"}],"replies":[{"embeddable":true,"href":"https:\/\/talentos-objetivos.pt\/wecportugal\/wp-json\/wp\/v2\/comments?post=78"}],"version-history":[{"count":0,"href":"https:\/\/talentos-objetivos.pt\/wecportugal\/wp-json\/wp\/v2\/pages\/78\/revisions"}],"up":[{"embeddable":true,"href":"https:\/\/talentos-objetivos.pt\/wecportugal\/wp-json\/wp\/v2\/pages\/72"}],"wp:attachment":[{"href":"https:\/\/talentos-objetivos.pt\/wecportugal\/wp-json\/wp\/v2\/media?parent=78"}],"curies":[{"name":"wp","href":"https:\/\/api.w.org\/{rel}","templated":true}]}}